{"version":"1.0","provider_name":"Verseimmel","provider_url":"https:\/\/verseimmel.cafeblog.hu","author_name":"Ferenc Maz\u00e1l","author_url":"https:\/\/verseimmel.cafeblog.hu\/author\/facebook-com4052\/","title":"Mi lehet a sz\u00f3? Szeretet.","html":"<h3><em><span style=\"color: #000080\">Csak egyetlen sz\u00f3, m\u00e9gis mennyi mindent jelent. Neked, nekem, neki? Szeretem a vir\u00e1gokat. S mennyi minden m\u00e1st!<\/span><\/em><\/h3>\r\n<p><span style=\"color: #333399\"><em>Nem szeretlek! Undok vagy! Kinek nem f\u00e1j? \u00a0 \u00a0S rep\u00fcl!\u00a0 \u00a0Egy sz\u00f3t\u00f3l! \u00a0 \u00a0Szeretlek. \u00a0 \u00a0Sz\u00f3lt, mondta a Kedves.<\/em><\/span><\/p>\r\n<h3>\u00a0<\/h3>\r\n<h3>\u00a0<\/h3>\r\n<h3><span style=\"color: #333399\"><em><strong>A szeretet<\/strong><\/em><\/span><\/h3>\r\n<p>&nbsp;<\/p>\r\n<p><em><img class=\" wp-image-20 alignright\" src=\"https:\/\/verseimmel.cafeblog.hu\/files\/2016\/08\/IMG_20160819_115534_BURST016-300x286.jpg\" alt=\"IMG_20160819_115534_BURST016\" width=\"627\" height=\"598\" \/><\/em><\/p>\r\n<p><span style=\"color: #000080\">Szeretetet nem v\u00e1r, nem k\u00e9r! Sz\u00fcntelen! Csak szeret.<\/span><\/p>\r\n<p><span style=\"color: #000080\">Alk\u00e9tiszk\u00e9nt megment, \u00e9letet, szeretett Adm\u00e9tosz\u00e1t,<\/span><\/p>\r\n<p><span style=\"color: #000080\">S megveti \u0151, szem\u00e9tbe val\u00f3, nem is keres, a haszn\u00e1t,<\/span><\/p>\r\n<p><span style=\"color: #000080\">\u00c1m Istenem bocs\u00e1ss meg, csak ma, \u00e9n gyarl\u00f3 vagyok.<\/span><\/p>\r\n<p><span style=\"color: #000080\">\u00a0<\/span><\/p>\r\n<p><span style=\"color: #000080\">B\u0171n\u00f6st lel, lelt az \u201dellens\u00e9gei\u201d a b\u0171n\u00f6s\u00f6k f\u00f6l\u00f6tt,<\/span><\/p>\r\n<p><span style=\"color: #000080\">\u00c1rtatlanra, igazakra, hamisak, gonoszok k\u00f6z\u00f6tt,<\/span><\/p>\r\n<p><span style=\"color: #000080\">A l\u00e9lekben m\u00e9g sem v\u00e1logat, alkot, teremt \u00e9s szeret,<\/span><\/p>\r\n<p><span style=\"color: #000080\">\u00c1m Istenem bocs\u00e1ss meg, csak ma, \u00e9n gyarl\u00f3 vagyok.<\/span><\/p>\r\n<p><span style=\"color: #000080\">\u00a0<\/span><\/p>\r\n<p><em><span style=\"color: #000080\">\u00d6r\u00f6k \u00e9let, t\u00e9kozl\u00f3 fi\u00fa, v\u00e1lasz, megv\u00e1lt\u00e1s v\u00e1r,<\/span><\/em><\/p>\r\n<p><em><span style=\"color: #000080\">V\u00e9gs\u0151 megsemmis\u00fcl\u00e9s, rombol\u00e1s, b\u0171n \u00e9s hal\u00e1l,<\/span><\/em><\/p>\r\n<p><em><span style=\"color: #000080\">K\u00e9t \u00fat, puszt\u00edt\u00e1s, omladoz\u00f3 falak, kitart\u00f3, er\u0151s v\u00e1r,<\/span><\/em><\/p>\r\n<p><em><span style=\"color: #000080\">\u00c1m Istenem bocs\u00e1ss meg, csak ma, \u00e9n gyarl\u00f3 vagyok.<\/span><\/em><\/p>\r\n<p><em><span style=\"color: #000080\">\u00a0<\/span><\/em><\/p>\r\n<p><em><span style=\"color: #000080\">\u00d6r\u00f6m \u00e9s boldogs\u00e1g, ha siv\u00e1r, s\u00f3tlan az emberi l\u00e9t,<\/span><\/em><\/p>\r\n<p><em><span style=\"color: #000080\">J\u00e1t\u00e9k\u00e1t keresd! M\u00falik, rep\u00fcl, s nagy, tegnap, a t\u00e9t!<\/span><\/em><\/p>\r\n<p><em><span style=\"color: #000080\">Embernek lenni! Tanulj! Id\u0151ben! A szeretet szeretet\u00e9t,<\/span><\/em><\/p>\r\n<p><em><span style=\"color: #000080\">\u00c1m Istenem bocs\u00e1ss meg, csak ma, \u00e9n gyarl\u00f3 vagyok.<\/span><\/em><\/p>\r\n<p><span style=\"color: #000080\">\u00a0<\/span><\/p>\r\n<p><em><span style=\"color: #000080\">Tanulj! Isten tenyer\u00e9ben, a t\u00e1rs, az ember szeretet\u00e9t,<\/span><\/em><\/p>\r\n<p><em><span style=\"color: #000080\">Cselekv\u0151 t\u00f6r\u0151d\u00e9st, felel\u0151ss\u00e9get, a felebar\u00e1t tisztelet\u00e9t.<\/span><\/em><\/p>\r\n<p><em><span style=\"color: #000080\">A boldogs\u00e1g v\u00e1r, a v\u00e9gtelen. H\u00e1t becs\u00fcld az \u00e9let\u00e9t!<\/span><\/em><\/p>\r\n<p><em><span style=\"color: #000080\">\u00c1m Istenem bocs\u00e1ss meg, csak ma, \u00e9n gyarl\u00f3 vagyok.<\/span><\/em><\/p>\r\n<p><em><span style=\"color: #000080\">\u00a0<\/span><\/em><\/p>\r\n<p><em><span style=\"color: #000080\">Az \u00e9let \u00f6sv\u00e9ny\u00e9n, igazak \u00fatj\u00e1n, l\u00e9pj, l\u00e9pj \u00e9s haladj,<\/span><\/em><\/p>\r\n<p><em><span style=\"color: #000080\">Gy\u00f6ny\u00f6r\u0171s\u00e9gek \u00f6r\u00f6kk\u00e9, teljes \u00f6r\u00f6m, a holnap, maradj!<\/span><\/em><\/p>\r\n<p><em><span style=\"color: #000080\">Cs\u00e1b\u00edt\u00f3 napsug\u00e1r, csalfa l\u00e9legzet, a k\u00edgy\u00f3! Most szaladj!<\/span><\/em><\/p>\r\n<p><em><span style=\"color: #000080\">\u00c1m Istenem bocs\u00e1ss meg, csak ma, \u00e9n gyarl\u00f3 vagyok.<\/span><\/em><\/p>\r\n<p><span style=\"color: #000080\">\u00a0<\/span><\/p>\r\n<p><em><span style=\"color: #000080\">B\u0171nb\u00e1nat k\u00f6nnye, lelki szeg\u00e9nyek, \u00fat a boldogok k\u00f6z\u00e9,<\/span><\/em><\/p>\r\n<p><em><span style=\"color: #000080\">\u00d6nuralom ereje, bel\u00e1t\u00e1s, jobb\u00edt\u00f3 sz\u00e1nd\u00e9k, \u00edm, a szel\u00eddek\u00e9,<\/span><\/em><\/p>\r\n<p><em><span style=\"color: #000080\">Keressetek \u00e9s kutassatok, s megnyittatik, igaz \u00e9let, igazak\u00e9,<\/span><\/em><\/p>\r\n<p><em><span style=\"color: #000080\">\u00c1m Istenem bocs\u00e1ss meg, csak ma, \u00e9n gyarl\u00f3 ember vagyok.<\/span><\/em><\/p>\r\n<p><em><span style=\"color: #000080\">\u00a0<\/span><\/em><\/p>\r\n<p><em><span style=\"color: #000080\">Cselekv\u0151 szeretet az irgalmass\u00e1g \u00e9s k\u00f6ny\u00f6r\u00fcletet nyer,<\/span><\/em><\/p>\r\n<p><em><span style=\"color: #000080\">A sz\u00edv tisztas\u00e1ga, b\u00e9k\u00e9ltet\u00e9s, \u00f6r\u00f6mh\u00edr, mit tudatni kell,<\/span><\/em><\/p>\r\n<p><em><span style=\"color: #000080\">A megtal\u00e1lt igazi boldogs\u00e1got senki \u00e9s semmi veheti el,<\/span><\/em><\/p>\r\n<p><em><span style=\"color: #000080\">\u00c1m Istenem bocs\u00e1ss meg, csak ma, \u00e9n gyarl\u00f3 vagyok.<\/span><\/em><\/p>\r\n<p><em><span style=\"color: #000080\">\u00a0<\/span><\/em><\/p>\r\n<p><em><span style=\"color: #000080\">Istenem, bocs\u00e1ss meg ma! Csak ha ember \u00e9s gyarl\u00f3 vagyok.<\/span><\/em><\/p>\r\n<p><em><span style=\"color: #000080\">Lelkem meggy\u00f3gyul, Ecce homo, egy sz\u00f3val! S l\u00e1m ember, az<\/span><\/em><\/p>\r\n<p><em><span style=\"color: #000080\">EMBER vagyok<\/span><\/em><br \/><br \/><br \/><\/p>\r\n<p>&nbsp;<\/p>\r\n<p>&nbsp;<\/p>","type":"rich","thumbnail_url":"https:\/\/verseimmel.cafeblog.hu\/files\/2016\/08\/IMG_20160819_115534_BURST016-150x150.jpg","thumbnail_width":150,"thumbnail_height":150}